{"id":7562,"date":"2015-11-15T11:48:36","date_gmt":"2015-11-15T10:48:36","guid":{"rendered":"https:\/\/www.customprotocol.com\/?post_type=it_autres&amp;p=7562"},"modified":"2015-11-15T11:48:36","modified_gmt":"2015-11-15T10:48:36","slug":"prayforparis-loi-renseignement-solidarite-sites-internet-mondiaux","status":"publish","type":"it_autres","link":"https:\/\/www.customprotocol.com\/autres\/prayforparis-loi-renseignement-solidarite-sites-internet-mondiaux\/","title":{"rendered":"#PrayForParis &#8211; La &#8220;Loi Renseignement&#8221; et la solidarit\u00e9 des sites internet mondiaux"},"content":{"rendered":"<blockquote>\n<p style=\"text-align: justify;\"><em>Note&nbsp;: Cet article a \u00e9t\u00e9 \u00e9crit le 14 novembre. Veuillez nous excuser pour sa publication tardive.<\/em><\/p>\n<\/blockquote>\n<p style=\"text-align: justify;\">Vous le savez sans doute, cette nuit s'est d\u00e9roul\u00e9 un massacre dans Paris.<\/p>\n<p style=\"text-align: justify;\">J'allais me coucher, quand j'ai pris mon t\u00e9l\u00e9phone et fait un tour sur <em>Twitter<\/em>. Le premier<em> Tweet<\/em> que j'ai vu venait de <a href=\"https:\/\/twitter.com\/JulienTellouck\" target=\"_blank\" rel=\"noopener noreferrer\">Julien Tellouck<\/a>, de la cha\u00eene de t\u00e9l\u00e9vision <em>Game One<\/em>. Puis un autre, et encore un autre. Je ne comprenais pas trop ce que ce passait, je ne voyais que des images qui d\u00e9filaient au fur et \u00e0 mesure que je rafra\u00eechissait mon fil. Une image revenait souvent, celle-l\u00e0 m\u00eame qui illustre cet article<\/p>\n<figure id=\"attachment_7584\" aria-describedby=\"caption-attachment-7584\" style=\"width: 500px\" class=\"wp-caption aligncenter\"><a href=\"https:\/\/www.customprotocol.com\/medias\/2015\/11\/CTzRekTWUAEqSek.jpg\"><img loading=\"lazy\" decoding=\"async\" class=\"wp-image-7584 size-medium\" src=\"https:\/\/www.customprotocol.com\/medias\/2015\/11\/CTzRekTWUAEqSek-500x261.jpg\" alt=\"CTzRekTWUAEqSek\" width=\"500\" height=\"261\" \/><\/a><figcaption id=\"caption-attachment-7584\" class=\"wp-caption-text\">Priez pour Paris<\/figcaption><\/figure>\n<p style=\"text-align: justify;\">Ne comprenant pas bien ce qui \u00e9tait en train de se d\u00e9roul\u00e9, je rallumais la t\u00e9l\u00e9 et allais sur <em>BFM TV<\/em> pendant que je continuais de suivre le fil sur <em>Twitter<\/em>. Terroristes, prise d'otages au Bataclan, 7 attaques simultan\u00e9es. Ensuite les premiers bilans tombent. 25 morts, puis 42, puis 57, puis 100, puis 120. Imaginez le surr\u00e9alisme de la sc\u00e8ne, quand la fatigue commence \u00e0 vous embrumer l'esprit \u00e0 cause de l'heure tardive, et que vous voyez \u00e7a.<\/p>\n<p style=\"text-align: justify;\">J'ai suivi l'information, que ce soit sur <em>Twitter<\/em> comme \u00e0 la t\u00e9l\u00e9vision, jusque vers 3 heures du matin.<\/p>\n<p style=\"text-align: justify;\">Aujourd'hui, en me levant, je croyais que tout ceci n'\u00e9tait qu'un mauvais r\u00eave. Mais non.<\/p>\n<p style=\"text-align: justify;\">Cet article n'a pas pour but de vous r\u00e9p\u00e9ter ce que les cha\u00eenes d'informations vous ont r\u00e9p\u00e9t\u00e9 et vont nous r\u00e9p\u00e9ter pendant encore longtemps. Cet article \u00e0 pour simple but de d\u00e9noncer les choix minables du gouvernement actuel, notamment avec la Loi Renseignement.<\/p>\n<figure id=\"attachment_7560\" aria-describedby=\"caption-attachment-7560\" style=\"width: 500px\" class=\"wp-caption aligncenter\"><a href=\"https:\/\/www.customprotocol.com\/medias\/2015\/11\/France-flag.png\"><img loading=\"lazy\" decoding=\"async\" class=\"wp-image-7560 size-medium\" src=\"https:\/\/www.customprotocol.com\/medias\/2015\/11\/France-flag-500x281.png\" alt=\"France flag\" width=\"500\" height=\"281\" \/><\/a><figcaption id=\"caption-attachment-7560\" class=\"wp-caption-text\">Notre cher drapeau fran\u00e7ais<\/figcaption><\/figure>\n<hr \/>\n<h4 style=\"text-align: justify;\"><span style=\"text-decoration: underline;\">1) Piq\u00fbre de rappel<\/span><\/h4>\n<p style=\"text-align: justify;\">Pour rappel, cette loi aurait pour but d'emp\u00eacher des attentats du style de celui qui vient de se produire ou encore de celui du 7 janvier dernier. Sur le papier, reconnaissons que ces intentions sont louables. Mais le probl\u00e8me ne r\u00e9side pas dans les intentions de la loi, mais plut\u00f4t dans son application.<\/p>\n<p style=\"text-align: justify;\">En effet, cette loi n'est rien d'autre qu'un forme de <strong>Big Brother<\/strong> (ou <strong>Patriot Act<\/strong> en <em>V.O.<\/em>) \u00e0 la fran\u00e7aise (<em>Big Cazeneuve<\/em> comme l'appelle <em><a href=\"http:\/\/www.korben.info\" target=\"_blank\" rel=\"noopener noreferrer\">Korben<\/a><\/em>), officiellement pour encadrer la population et ses possibles d\u00e9rives, officieusement pour faire de la surveillance de masse tout ce qu'il y a de plus l\u00e9galement.<\/p>\n<p style=\"text-align: justify;\">Elle autorise quelques joyeuset\u00e9s que sont les <em>IMSI-Catchers<\/em> (de fausses antennes relais auxquelles les t\u00e9l\u00e9phones vont se connecter, elles interceptent tout ce qui passe par l\u00e0), la g\u00e9olocalisation de votre t\u00e9l\u00e9phone, l'acc\u00e8s \u00e0 vos connexions en temps r\u00e9el, tout cela parmi tellement d'autres.<\/p>\n<figure id=\"attachment_7581\" aria-describedby=\"caption-attachment-7581\" style=\"width: 393px\" class=\"wp-caption aligncenter\"><a href=\"https:\/\/www.customprotocol.com\/medias\/2015\/11\/ccqmz_twaae_jdu.jpg\"><img loading=\"lazy\" decoding=\"async\" class=\"size-medium wp-image-7581\" src=\"https:\/\/www.customprotocol.com\/medias\/2015\/11\/ccqmz_twaae_jdu-393x500.jpg\" alt=\"Cr\u00e9dit image&nbsp;: Korben.info\" width=\"393\" height=\"500\" \/><\/a><figcaption id=\"caption-attachment-7581\" class=\"wp-caption-text\">Cr\u00e9dit image&nbsp;: <em><a href=\"http:\/\/www.korben.info\" target=\"_blank\" rel=\"noopener noreferrer\">Korben.info<\/a><\/em><\/figcaption><\/figure>\n<p style=\"text-align: justify;\">Cette loi a \u00e9t\u00e9 vivement contest\u00e9e lors de son adoption. D'un c\u00f4t\u00e9, les internautes avaient peur de se faire totalement ficher et censurer sur cet espace de libert\u00e9 qu'est Internet, de l'autre les politiques du gouvernement actuel hurlaient \u00e0 qui voulait bien (et surtout ne voulait pas) l'entendre que cela allait emp\u00eacher des attentats, sauver des vies.<\/p>\n<p style=\"text-align: justify;\">\u00c0 noter qu'aujourd'hui, <a href=\"http:\/\/www.latribune.fr\/economie\/international\/nsa-les-deputes-americains-approuvent-l-interdiction-de-la-collecte-massive-de-donnees-476295.html\" target=\"_blank\" rel=\"noopener noreferrer\">l'\u00e9quivalent am\u00e9ricain a \u00e9t\u00e9 arr\u00eat\u00e9<\/a> par le <em>Freedom Act<\/em>, vot\u00e9 en mai dernier.<\/p>\n<h4 style=\"text-align: justify;\"><span style=\"text-decoration: underline;\">2) \"Je voudrais avoir un int\u00e9r\u00eat\"<\/span><\/h4>\n<h6 style=\"text-align: justify;\">D\u00e9sol\u00e9, personne de ce nom l\u00e0 ici.<\/h6>\n<p style=\"text-align: justify;\">La loi renseignement s'est aujourd'hui faite une place en foutant dehors la notion de libert\u00e9, les \"Droits de L'Homme\" et la \"Constitution\" \u00e0 grands coups de pieds dans le cul.<\/p>\n<figure id=\"attachment_7586\" aria-describedby=\"caption-attachment-7586\" style=\"width: 500px\" class=\"wp-caption aligncenter\"><a href=\"https:\/\/www.customprotocol.com\/medias\/2015\/11\/PJLRenseignement.png\"><img loading=\"lazy\" decoding=\"async\" class=\"size-medium wp-image-7586\" src=\"https:\/\/www.customprotocol.com\/medias\/2015\/11\/PJLRenseignement-500x281.png\" alt=\"Une image que je m'\u00e9tais amus\u00e9 \u00e0 faire un peu avant que la loi Renseignement ne soit adopt\u00e9e.\" width=\"500\" height=\"281\" \/><\/a><figcaption id=\"caption-attachment-7586\" class=\"wp-caption-text\">Une image que je m'\u00e9tais amus\u00e9 \u00e0 faire un peu avant que la loi Renseignement ne soit adopt\u00e9e<\/figcaption><\/figure>\n<p style=\"text-align: justify;\">Mais aujourd'hui se pose la question de son efficacit\u00e9. Les services secrets fran\u00e7ais, qui ont d\u00e9j\u00e0 prouv\u00e9 leur efficacit\u00e9 par le pass\u00e9 \u00e0 de multiples reprises, notamment avec l'affaire <em>Mohammed Merah<\/em> \u00e0 Toulouse en 2012 ou bien avec les attentats du 7 janvier 2015, viennent encore une fois de montrer leur incomp\u00e9tence notoire avec ce qu'il s'est pass\u00e9 la nuit derni\u00e8re.<\/p>\n<p style=\"text-align: justify;\">Quand les utilisateurs de <em>Twitter<\/em> du monde entier ainsi que les cha\u00eenes d'infos sont au courant et ont d\u00e9j\u00e0 des images avant m\u00eame que les services secrets ne comprennent se qui se produise, il y a un probl\u00e8me, et un gros. L\u00e0, peut-\u00eatre \u00e9taient-ils au courant, mais leur manque de r\u00e9action laisse penser le contraire. Si l'intervention a \u00e9t\u00e9 si rapide, c'est seulement parce que la s\u00e9curit\u00e9 au Stade de France a \u00e9t\u00e9 accrue, pr\u00e9sence de Fran\u00e7ois Hollande oblige.<\/p>\n<h4 style=\"text-align: justify;\"><span style=\"text-decoration: underline;\">3) R\u00e9actions de diff\u00e9rents sites internet<\/span><\/h4>\n<p style=\"text-align: justify;\"><em><a href=\"https:\/\/www.qwant.com\" target=\"_blank\" rel=\"noopener noreferrer\">Qwant<\/a><\/em>, moteur de recherche fran\u00e7ais a remplac\u00e9 son logo par le m\u00eame logo que celui que <strong>Custom Protocol<\/strong> arbore aujourd'hui, tandis que <em><a href=\"http:\/\/www.google.com\" target=\"_blank\" rel=\"noopener noreferrer\">Google<\/a><\/em> a ajout\u00e9 un petit bandeau noir en bas de sa page d\u2019accueil. <a href=\"https:\/\/fr.yahoo.com\/\" target=\"_blank\" rel=\"noopener noreferrer\"><em>Yahoo<\/em><\/a>, quant \u00e0 lui, affiche un message \u00e0 propos des disparus.<\/p>\n<figure id=\"attachment_7572\" aria-describedby=\"caption-attachment-7572\" style=\"width: 168px\" class=\"wp-caption aligncenter\"><a href=\"https:\/\/www.customprotocol.com\/medias\/2015\/11\/peaceforparis-x1.png\"><img loading=\"lazy\" decoding=\"async\" class=\"wp-image-7572 size-full\" src=\"https:\/\/www.customprotocol.com\/medias\/2015\/11\/peaceforparis-x1.png\" alt=\"peaceforparis-x1\" width=\"168\" height=\"188\" \/><\/a><figcaption id=\"caption-attachment-7572\" class=\"wp-caption-text\">Logo provisoire de <em>Qwant<\/em> en hommage aux fusill\u00e9s du 13 novembre 2015<\/figcaption><\/figure>\n<p style=\"text-align: justify;\"><a href=\"https:\/\/www.facebook.com\" target=\"_blank\" rel=\"noopener noreferrer\"><em>Facebook<\/em><\/a> a ouvert une page \"<em><a href=\"http:\/\/www.20minutes.fr\/societe\/1730211-20151114-attentats-paris-facebook-declenche-safety-check\" target=\"_blank\" rel=\"noopener noreferrer\">Safety Check<\/a><\/em>\", qui permet de signaler \u00e0 ses proches si l'on va bien. Quand on se dit que c'est en partie \u00e0 cause de<em> Facebook<\/em> que cet attentat s'est produit, \u00e0 cause de leur <del>flemme<\/del> incapacit\u00e9 \u00e0 bloquer les comptes et les pages faisant l'apologie du terrorisme...<\/p>\n<p style=\"text-align: justify;\">La page d\u2019accueil d'<em><a href=\"http:\/\/www.amazon.fr\/\" target=\"_blank\" rel=\"noopener noreferrer\">Amazon France<\/a><\/em>, tous ses articles ont \u00e9t\u00e9 mis de c\u00f4t\u00e9 au profit du drapeau fran\u00e7ais accompagn\u00e9 de l'inscription \"Solidarit\u00e9\", tandis qu'<em><a href=\"https:\/\/amazon.com\" target=\"_blank\" rel=\"noopener noreferrer\">Amazon.com<\/a><\/em> laisse les produits en place mais garde l'image et l'inscription en fran\u00e7ais. <a href=\"http:\/\/www.cdiscount.com\/\" target=\"_blank\" rel=\"noopener noreferrer\"><em>Cdiscount<\/em><\/a> adopte la m\u00eame strat\u00e9gie qu'<em>Amazon<\/em>, mais en gardant les articles, envoy\u00e9s en bas de page.<\/p>\n<div id='gallery-1' class='gallery galleryid-7562 gallery-columns-2 gallery-size-gridlove-single'><figure class='gallery-item'>\n\t\t\t<div class='gallery-icon landscape'>\n\t\t\t\t<a class=\"gridlove-popup\" href='https:\/\/www.customprotocol.com\/medias\/2015\/11\/Amazon.png'><img loading=\"lazy\" decoding=\"async\" width=\"740\" height=\"396\" src=\"https:\/\/www.customprotocol.com\/medias\/2015\/11\/Amazon-740x396.png\" class=\"attachment-gridlove-single size-gridlove-single\" alt=\"\" srcset=\"https:\/\/www.customprotocol.com\/medias\/2015\/11\/Amazon-740x396.png 740w, https:\/\/www.customprotocol.com\/medias\/2015\/11\/Amazon-300x161.png 300w, https:\/\/www.customprotocol.com\/medias\/2015\/11\/Amazon-768x411.png 768w, https:\/\/www.customprotocol.com\/medias\/2015\/11\/Amazon-1024x548.png 1024w, https:\/\/www.customprotocol.com\/medias\/2015\/11\/Amazon-370x198.png 370w, https:\/\/www.customprotocol.com\/medias\/2015\/11\/Amazon-270x144.png 270w, https:\/\/www.customprotocol.com\/medias\/2015\/11\/Amazon-570x305.png 570w, https:\/\/www.customprotocol.com\/medias\/2015\/11\/Amazon.png 1680w, https:\/\/www.customprotocol.com\/medias\/2015\/11\/Amazon-300x161@2x.png 600w, https:\/\/www.customprotocol.com\/medias\/2015\/11\/Amazon-768x411@2x.png 1536w\" sizes=\"auto, (max-width: 740px) 100vw, 740px\" \/><\/a>\n\t\t\t<\/div><\/figure><figure class='gallery-item'>\n\t\t\t<div class='gallery-icon landscape'>\n\t\t\t\t<a class=\"gridlove-popup\" href='https:\/\/www.customprotocol.com\/medias\/2015\/11\/Cdiscount.png'><img loading=\"lazy\" decoding=\"async\" width=\"740\" height=\"395\" src=\"https:\/\/www.customprotocol.com\/medias\/2015\/11\/Cdiscount-740x395.png\" class=\"attachment-gridlove-single size-gridlove-single\" alt=\"\" srcset=\"https:\/\/www.customprotocol.com\/medias\/2015\/11\/Cdiscount-740x395.png 740w, https:\/\/www.customprotocol.com\/medias\/2015\/11\/Cdiscount-300x160.png 300w, https:\/\/www.customprotocol.com\/medias\/2015\/11\/Cdiscount-768x410.png 768w, https:\/\/www.customprotocol.com\/medias\/2015\/11\/Cdiscount-1024x546.png 1024w, https:\/\/www.customprotocol.com\/medias\/2015\/11\/Cdiscount-370x197.png 370w, https:\/\/www.customprotocol.com\/medias\/2015\/11\/Cdiscount-270x144.png 270w, https:\/\/www.customprotocol.com\/medias\/2015\/11\/Cdiscount-570x304.png 570w, https:\/\/www.customprotocol.com\/medias\/2015\/11\/Cdiscount.png 1680w, https:\/\/www.customprotocol.com\/medias\/2015\/11\/Cdiscount-300x160@2x.png 600w, https:\/\/www.customprotocol.com\/medias\/2015\/11\/Cdiscount-768x410@2x.png 1536w\" sizes=\"auto, (max-width: 740px) 100vw, 740px\" \/><\/a>\n\t\t\t<\/div><\/figure>\n\t\t<\/div>\n\n<p style=\"text-align: justify;\">C\u00f4t\u00e9 <span style=\"text-decoration: underline;\">actu jeux vid\u00e9os<\/span>, <a href=\"http:\/\/www.jeuxvideo.com\" target=\"_blank\" rel=\"noopener noreferrer\"><em>Jeuxvid\u00e9o.com<\/em><\/a> arbore un bandeau noir sur son logo, alors que <a href=\"http:\/\/www.gameblog.fr\/\" target=\"_blank\" rel=\"noopener noreferrer\"><em>Gameblog<\/em><\/a> a opt\u00e9 pour une approche plus radicale&nbsp;: <a href=\"http:\/\/www.gameblog.fr\/news\/54707-attentats-de-paris-gameblog-stoppe-ses-publications-ce-week-\" target=\"_blank\" rel=\"noopener noreferrer\">le site coupe purement et simplement les publication ce week-end<\/a>.<\/p>\n<figure id=\"attachment_7578\" aria-describedby=\"caption-attachment-7578\" style=\"width: 500px\" class=\"wp-caption aligncenter\"><a href=\"https:\/\/www.customprotocol.com\/medias\/2015\/11\/Gameblog.png\"><img loading=\"lazy\" decoding=\"async\" class=\"wp-image-7578 size-medium\" src=\"https:\/\/www.customprotocol.com\/medias\/2015\/11\/Gameblog-500x229.png\" alt=\"Gameblog\" width=\"500\" height=\"229\" \/><\/a><figcaption id=\"caption-attachment-7578\" class=\"wp-caption-text\">Gameblog ne sort pas d'article le week-end du 14 et 15 novembre 2015<\/figcaption><\/figure>\n<p style=\"text-align: justify;\"><em><a href=\"http:\/\/www.korben.info\" target=\"_blank\" rel=\"noopener noreferrer\">Korben<\/a><\/em> a ajout\u00e9 un bandeau noir \u00e0 son logo, \u00e0 la mani\u00e8re de <em>Jeuxvid\u00e9o.com<\/em>, tandis que le <a href=\"http:\/\/www.journaldugeek.com\/\" target=\"_blank\" rel=\"noopener noreferrer\">Journal Du Geek<\/a> a publi\u00e9 un <a href=\"http:\/\/www.journaldugeek.com\/2015\/11\/14\/attentats-a-paris-les-infos-et-liens-utiles\/\" target=\"_blank\" rel=\"noopener noreferrer\">article tr\u00e8s utile contenant des num\u00e9ros et liens utiles<\/a>. Pour finir, <em>Heroes of the Storm<\/em> s'est \u00e9galement mis aux couleurs du drapeau fran\u00e7ais.<\/p>\n<figure id=\"attachment_7592\" aria-describedby=\"caption-attachment-7592\" style=\"width: 500px\" class=\"wp-caption aligncenter\"><a href=\"https:\/\/www.customprotocol.com\/medias\/2015\/11\/Heroes-of-the-Storm-fusillades-france-paris.png\"><img loading=\"lazy\" decoding=\"async\" class=\"wp-image-7592 size-medium\" src=\"https:\/\/www.customprotocol.com\/medias\/2015\/11\/Heroes-of-the-Storm-fusillades-france-paris-500x282.png\" alt=\"Heroes of the Storm fusillades france paris\" width=\"500\" height=\"282\" \/><\/a><figcaption id=\"caption-attachment-7592\" class=\"wp-caption-text\">Les \u00e9quipes du jeu <em>Heroes of the Storm<\/em> sont color\u00e9es en bleu et rouge<\/figcaption><\/figure>\n<p style=\"text-align: justify;\"><a href=\"https:\/\/www.youtube.com\" target=\"_blank\" rel=\"noopener noreferrer\"><em>Youtube<\/em><\/a> aussi \u00e0 pris part au mouvement, parant son logo des couleurs de la France.<\/p>\n<figure id=\"attachment_7583\" aria-describedby=\"caption-attachment-7583\" style=\"width: 147px\" class=\"wp-caption aligncenter\"><a href=\"https:\/\/www.customprotocol.com\/medias\/2015\/11\/yt_france.png\"><img loading=\"lazy\" decoding=\"async\" class=\"wp-image-7583 size-full\" src=\"https:\/\/www.customprotocol.com\/medias\/2015\/11\/yt_france.png\" alt=\"yt_france\" width=\"147\" height=\"60\" \/><\/a><figcaption id=\"caption-attachment-7583\" class=\"wp-caption-text\">Logo provisoire de <em>YouTube<\/em><\/figcaption><\/figure>\n<p style=\"text-align: justify;\">Sur <strong>Custom Protocol<\/strong>, comme vous avez pu le remarquer, nous avons chang\u00e9 le logo du site, et opt\u00e9 pour un fond sombre uni.<\/p>\n<p style=\"text-align: justify;\">Voil\u00e0 comment se termine cet article, assez long, je vous l'accorde. Si vous avez quoi que ce soit \u00e0 dire, un message \u00e0 faire passer par notre interm\u00e9diaire, un oubli dans notre article... faites-le dans les commentaires.<\/p>\n<p style=\"text-align: justify;\">Merci de nous avoir lu.<\/p>\n","protected":false},"excerpt":{"rendered":"<p>Nous revenons sur les attentats du 13 novembre, et plus pr\u00e9cis\u00e9ment sur la Loi sur le Renseignement.<\/p>\n","protected":false},"author":460,"featured_media":7584,"menu_order":0,"comment_status":"open","ping_status":"closed","template":"","format":"standard","meta":{"footnotes":""},"categories":[3,9,18],"tags":[73,74,75],"autres-auteur":[],"autres-categorie":[],"autres-source":[],"class_list":["post-7562","it_autres","type-it_autres","status-publish","format-standard","has-post-thumbnail","hentry","category-autres","category-dossiers","category-evenements","tag-fusillades-du-13-novembre-2015","tag-gouvernement","tag-politique"],"yoast_head":"\n<title>#PrayForParis - &quot;Loi Renseignement&quot; et solidarit\u00e9 des sites<\/title>\n<meta name=\"description\" content=\"Nous revenons sur les attentats du 13 novembre, et plus pr\u00e9cis\u00e9ment sur la Loi sur le Renseignement.\" \/>\n<meta name=\"robots\" content=\"index, follow, max-snippet:-1, max-image-preview:large, max-video-preview:-1\" \/>\n<link rel=\"canonical\" href=\"https:\/\/www.customprotocol.com\/autres\/prayforparis-loi-renseignement-solidarite-sites-internet-mondiaux\/\" \/>\n<meta property=\"og:locale\" content=\"fr_CA\" \/>\n<meta property=\"og:type\" content=\"article\" \/>\n<meta property=\"og:title\" content=\"#PrayForParis - &quot;Loi Renseignement&quot; et solidarit\u00e9 des sites\" \/>\n<meta property=\"og:description\" content=\"Nous revenons sur les attentats du 13 novembre, et plus pr\u00e9cis\u00e9ment sur la Loi sur le Renseignement.\" \/>\n<meta property=\"og:url\" content=\"https:\/\/www.customprotocol.com\/autres\/prayforparis-loi-renseignement-solidarite-sites-internet-mondiaux\/\" \/>\n<meta property=\"og:site_name\" content=\"Custom Protocol\" \/>\n<meta property=\"og:image\" content=\"https:\/\/www.customprotocol.com\/medias\/2015\/11\/CTzRekTWUAEqSek.jpg\" \/>\n\t<meta property=\"og:image:width\" content=\"560\" \/>\n\t<meta property=\"og:image:height\" content=\"292\" \/>\n\t<meta property=\"og:image:type\" content=\"image\/jpeg\" \/>\n<meta name=\"twitter:card\" content=\"summary_large_image\" \/>\n<meta name=\"twitter:label1\" content=\"Estimation du temps de lecture\" \/>\n\t<meta name=\"twitter:data1\" content=\"6 minutes\" \/>\n<script type=\"application\/ld+json\" class=\"yoast-schema-graph\">{\"@context\":\"https:\/\/schema.org\",\"@graph\":[{\"@type\":\"WebPage\",\"@id\":\"https:\/\/www.customprotocol.com\/autres\/prayforparis-loi-renseignement-solidarite-sites-internet-mondiaux\/\",\"url\":\"https:\/\/www.customprotocol.com\/autres\/prayforparis-loi-renseignement-solidarite-sites-internet-mondiaux\/\",\"name\":\"#PrayForParis - \\\"Loi Renseignement\\\" et solidarit\u00e9 des sites\",\"isPartOf\":{\"@id\":\"https:\/\/www.customprotocol.com\/#website\"},\"datePublished\":\"2015-11-15T10:48:36+00:00\",\"dateModified\":\"2015-11-15T10:48:36+00:00\",\"description\":\"Nous revenons sur les attentats du 13 novembre, et plus pr\u00e9cis\u00e9ment sur la Loi sur le Renseignement.\",\"breadcrumb\":{\"@id\":\"https:\/\/www.customprotocol.com\/autres\/prayforparis-loi-renseignement-solidarite-sites-internet-mondiaux\/#breadcrumb\"},\"inLanguage\":\"fr-CA\",\"potentialAction\":[{\"@type\":\"ReadAction\",\"target\":[\"https:\/\/www.customprotocol.com\/autres\/prayforparis-loi-renseignement-solidarite-sites-internet-mondiaux\/\"]}]},{\"@type\":\"BreadcrumbList\",\"@id\":\"https:\/\/www.customprotocol.com\/autres\/prayforparis-loi-renseignement-solidarite-sites-internet-mondiaux\/#breadcrumb\",\"itemListElement\":[{\"@type\":\"ListItem\",\"position\":1,\"name\":\"Accueil\",\"item\":\"https:\/\/www.customprotocol.com\/\"},{\"@type\":\"ListItem\",\"position\":2,\"name\":\"Autres\",\"item\":\"https:\/\/www.customprotocol.com\/autres\/\"},{\"@type\":\"ListItem\",\"position\":3,\"name\":\"#PrayForParis &#8211; La &#8220;Loi Renseignement&#8221; et la solidarit\u00e9 des sites internet mondiaux\"}]},{\"@type\":\"WebSite\",\"@id\":\"https:\/\/www.customprotocol.com\/#website\",\"url\":\"https:\/\/www.customprotocol.com\/\",\"name\":\"Custom Protocol\",\"description\":\"Site d&#039;hack-tualit\u00e9 et de tutoriels sur la customisation de consoles et appareils (homebrews, plugins, \u00e9mulation...)\",\"potentialAction\":[{\"@type\":\"SearchAction\",\"target\":{\"@type\":\"EntryPoint\",\"urlTemplate\":\"https:\/\/www.customprotocol.com\/?s={search_term_string}\"},\"query-input\":\"required name=search_term_string\"}],\"inLanguage\":\"fr-CA\"}]}<\/script>\n","yoast_head_json":{"title":"#PrayForParis - \"Loi Renseignement\" et solidarit\u00e9 des sites","description":"Nous revenons sur les attentats du 13 novembre, et plus pr\u00e9cis\u00e9ment sur la Loi sur le Renseignement.","robots":{"index":"index","follow":"follow","max-snippet":"max-snippet:-1","max-image-preview":"max-image-preview:large","max-video-preview":"max-video-preview:-1"},"canonical":"https:\/\/www.customprotocol.com\/autres\/prayforparis-loi-renseignement-solidarite-sites-internet-mondiaux\/","og_locale":"fr_CA","og_type":"article","og_title":"#PrayForParis - \"Loi Renseignement\" et solidarit\u00e9 des sites","og_description":"Nous revenons sur les attentats du 13 novembre, et plus pr\u00e9cis\u00e9ment sur la Loi sur le Renseignement.","og_url":"https:\/\/www.customprotocol.com\/autres\/prayforparis-loi-renseignement-solidarite-sites-internet-mondiaux\/","og_site_name":"Custom Protocol","og_image":[{"width":560,"height":292,"url":"https:\/\/www.customprotocol.com\/medias\/2015\/11\/CTzRekTWUAEqSek.jpg","type":"image\/jpeg"}],"twitter_card":"summary_large_image","twitter_misc":{"Estimation du temps de lecture":"6 minutes"},"schema":{"@context":"https:\/\/schema.org","@graph":[{"@type":"WebPage","@id":"https:\/\/www.customprotocol.com\/autres\/prayforparis-loi-renseignement-solidarite-sites-internet-mondiaux\/","url":"https:\/\/www.customprotocol.com\/autres\/prayforparis-loi-renseignement-solidarite-sites-internet-mondiaux\/","name":"#PrayForParis - \"Loi Renseignement\" et solidarit\u00e9 des sites","isPartOf":{"@id":"https:\/\/www.customprotocol.com\/#website"},"datePublished":"2015-11-15T10:48:36+00:00","dateModified":"2015-11-15T10:48:36+00:00","description":"Nous revenons sur les attentats du 13 novembre, et plus pr\u00e9cis\u00e9ment sur la Loi sur le Renseignement.","breadcrumb":{"@id":"https:\/\/www.customprotocol.com\/autres\/prayforparis-loi-renseignement-solidarite-sites-internet-mondiaux\/#breadcrumb"},"inLanguage":"fr-CA","potentialAction":[{"@type":"ReadAction","target":["https:\/\/www.customprotocol.com\/autres\/prayforparis-loi-renseignement-solidarite-sites-internet-mondiaux\/"]}]},{"@type":"BreadcrumbList","@id":"https:\/\/www.customprotocol.com\/autres\/prayforparis-loi-renseignement-solidarite-sites-internet-mondiaux\/#breadcrumb","itemListElement":[{"@type":"ListItem","position":1,"name":"Accueil","item":"https:\/\/www.customprotocol.com\/"},{"@type":"ListItem","position":2,"name":"Autres","item":"https:\/\/www.customprotocol.com\/autres\/"},{"@type":"ListItem","position":3,"name":"#PrayForParis &#8211; La &#8220;Loi Renseignement&#8221; et la solidarit\u00e9 des sites internet mondiaux"}]},{"@type":"WebSite","@id":"https:\/\/www.customprotocol.com\/#website","url":"https:\/\/www.customprotocol.com\/","name":"Custom Protocol","description":"Site d&#039;hack-tualit\u00e9 et de tutoriels sur la customisation de consoles et appareils (homebrews, plugins, \u00e9mulation...)","potentialAction":[{"@type":"SearchAction","target":{"@type":"EntryPoint","urlTemplate":"https:\/\/www.customprotocol.com\/?s={search_term_string}"},"query-input":"required name=search_term_string"}],"inLanguage":"fr-CA"}]}},"_links":{"self":[{"href":"https:\/\/www.customprotocol.com\/api\/wp\/v2\/autres\/7562","targetHints":{"allow":["GET"]}}],"collection":[{"href":"https:\/\/www.customprotocol.com\/api\/wp\/v2\/autres"}],"about":[{"href":"https:\/\/www.customprotocol.com\/api\/wp\/v2\/types\/it_autres"}],"author":[{"embeddable":true,"href":"https:\/\/www.customprotocol.com\/api\/wp\/v2\/users\/460"}],"replies":[{"embeddable":true,"href":"https:\/\/www.customprotocol.com\/api\/wp\/v2\/comments?post=7562"}],"version-history":[{"count":0,"href":"https:\/\/www.customprotocol.com\/api\/wp\/v2\/autres\/7562\/revisions"}],"wp:featuredmedia":[{"embeddable":true,"href":"https:\/\/www.customprotocol.com\/api\/wp\/v2\/media\/7584"}],"wp:attachment":[{"href":"https:\/\/www.customprotocol.com\/api\/wp\/v2\/media?parent=7562"}],"wp:term":[{"taxonomy":"category","embeddable":true,"href":"https:\/\/www.customprotocol.com\/api\/wp\/v2\/categories?post=7562"},{"taxonomy":"post_tag","embeddable":true,"href":"https:\/\/www.customprotocol.com\/api\/wp\/v2\/tags?post=7562"},{"taxonomy":"autres_auteur","embeddable":true,"href":"https:\/\/www.customprotocol.com\/api\/wp\/v2\/autres-auteur?post=7562"},{"taxonomy":"autres_categorie","embeddable":true,"href":"https:\/\/www.customprotocol.com\/api\/wp\/v2\/autres-categorie?post=7562"},{"taxonomy":"autres_source","embeddable":true,"href":"https:\/\/www.customprotocol.com\/api\/wp\/v2\/autres-source?post=7562"}],"curies":[{"name":"wp","href":"https:\/\/api.w.org\/{rel}","templated":true}]}}